{"id":264,"date":"2015-03-16T13:42:44","date_gmt":"2015-03-16T13:42:44","guid":{"rendered":"http:\/\/www.vieso.fr\/?page_id=264"},"modified":"2015-03-17T09:21:56","modified_gmt":"2015-03-17T09:21:56","slug":"les-produits-vieso","status":"publish","type":"page","link":"http:\/\/www.vieso.fr\/?page_id=264","title":{"rendered":"Les produits VIESO"},"content":{"rendered":"<p><b> \n<div style='clear:both'><\/div><div id=\"wpc-catalogue-wrapper\"><div id=\"wpc-col-1\"><a class=\"visible-phone checking\" href=\"#\">Categories<\/a><ul class=\"wpc-categories\" id=\"accordion\"><li class=\"wpc-category active-wpc-cat\"><a href=\"http:\/\/www.vieso.fr\/?page_id=264\">Les produits<\/a><\/li>\t<li class=\"cat-item cat-item-23\"><a href=\"http:\/\/www.vieso.fr\/?wpccategories=les-gammes\">Les Gammes<\/a>\n<ul class='children'>\n\t<li class=\"cat-item cat-item-5\"><a href=\"http:\/\/www.vieso.fr\/?wpccategories=revitalisee-du-miel\">Revitalis\u00e9e du miel<\/a>\n<\/li>\n\t<li class=\"cat-item cat-item-7\"><a href=\"http:\/\/www.vieso.fr\/?wpccategories=refletion\">R\u00e9fletion<\/a>\n<\/li>\n\t<li class=\"cat-item cat-item-8\"><a href=\"http:\/\/www.vieso.fr\/?wpccategories=tonifiante\">Tonifiante<\/a>\n<\/li>\n\t<li class=\"cat-item cat-item-9\"><a href=\"http:\/\/www.vieso.fr\/?wpccategories=detente\">D\u00e9tente<\/a>\n<\/li>\n\t<li class=\"cat-item cat-item-10\"><a href=\"http:\/\/www.vieso.fr\/?wpccategories=antichute\">Antichute<\/a>\n<\/li>\n\t<li class=\"cat-item cat-item-11\"><a href=\"http:\/\/www.vieso.fr\/?wpccategories=antipelliculaire\">Antipelliculaire<\/a>\n<\/li>\n\t<li class=\"cat-item cat-item-12\"><a href=\"http:\/\/www.vieso.fr\/?wpccategories=reparateur\">R\u00e9parateur<\/a>\n<\/li>\n<\/ul>\n<\/li>\n\t<li class=\"cat-item cat-item-24\"><a href=\"http:\/\/www.vieso.fr\/?wpccategories=les-types-de-cheveux\">Les types de cheveux<\/a>\n<ul class='children'>\n\t<li class=\"cat-item cat-item-25\"><a href=\"http:\/\/www.vieso.fr\/?wpccategories=secs-et-abimes\">Secs et ab\u00eem\u00e9s<\/a>\n<\/li>\n\t<li class=\"cat-item cat-item-40\"><a href=\"http:\/\/www.vieso.fr\/?wpccategories=colores-meches\">Color\u00e9s \/ M\u00e9ch\u00e9s<\/a>\n<\/li>\n\t<li class=\"cat-item cat-item-41\"><a href=\"http:\/\/www.vieso.fr\/?wpccategories=desseches-et-balayes\">Dess\u00e9ch\u00e9s et balay\u00e9s<\/a>\n<\/li>\n\t<li class=\"cat-item cat-item-42\"><a href=\"http:\/\/www.vieso.fr\/?wpccategories=abimes-ternes\">Ab\u00eemes \/ Ternes<\/a>\n<\/li>\n\t<li class=\"cat-item cat-item-45\"><a href=\"http:\/\/www.vieso.fr\/?wpccategories=grasse\">Grasse<\/a>\n<\/li>\n\t<li class=\"cat-item cat-item-46\"><a href=\"http:\/\/www.vieso.fr\/?wpccategories=fragiles-et-chute\">Fragiles et Chute<\/a>\n<\/li>\n<\/ul>\n<\/li>\n\t<li class=\"cat-item cat-item-43\"><a href=\"http:\/\/www.vieso.fr\/?wpccategories=les-series\">Les series<\/a>\n<ul class='children'>\n\t<li class=\"cat-item cat-item-44\"><a href=\"http:\/\/www.vieso.fr\/?wpccategories=brillance\">Brillance<\/a>\n<\/li>\n\t<li class=\"cat-item cat-item-47\"><a href=\"http:\/\/www.vieso.fr\/?wpccategories=purified-styling\">Purified Styling<\/a>\n<\/li>\n\t<li class=\"cat-item cat-item-49\"><a href=\"http:\/\/www.vieso.fr\/?wpccategories=skin-revitalizing\">Skin Revitalizing<\/a>\n<\/li>\n\t<li class=\"cat-item cat-item-50\"><a href=\"http:\/\/www.vieso.fr\/?wpccategories=couleurs-permanente\">Couleurs \/ Permanente<\/a>\n<\/li>\n<\/ul>\n<\/li>\n\t<li class=\"cat-item cat-item-48\"><a href=\"http:\/\/www.vieso.fr\/?wpccategories=soin-cuir-chevelu\">Soin Cuir Chevelu<\/a>\n<\/li>\n\t<li class=\"cat-item cat-item-51\"><a href=\"http:\/\/www.vieso.fr\/?wpccategories=kit-de-voyage\">Kit de Voyage<\/a>\n<\/li>\n<ul class=\"wpc-categories\" id=\"accordion\"><\/ul><\/ul> <\/div>  <!--col-2-->\n\t\t\t\n\t\t\t\t\t\t<div id=\"wpc-col-2\">\n\t\t\t\t\t\t<div id=\"wpc-products\"><!--wpc product--><div class=\"wpc-product\"><div class=\"wpc-img\" style=\"width:250px; height:250px; overflow:hidden\"><a href=\"http:\/\/www.vieso.fr\/?wpcproduct=apres-shampooing-nourrissant-au-miel\" class=\"wpc-product-link\"><img loading=\"lazy\" decoding=\"async\" src=\"http:\/\/www.vieso.fr\/wp-content\/uploads\/2015\/03\/Apr\u00e8s-Shampooing-Nourrissant-au-Miel.jpg\" alt=\"\" height=\"250\" \" width=\"250\"\" \/><\/a><\/div><p class=\"wpc-title\"><a href=\"http:\/\/www.vieso.fr\/?wpcproduct=apres-shampooing-nourrissant-au-miel\">Apr\u00e8s-Shampooing Nourrissant au Miel<\/a><\/p><\/div><!--\/wpc-product--><!--wpc product--><div class=\"wpc-product\"><div class=\"wpc-img\" style=\"width:250px; height:250px; overflow:hidden\"><a href=\"http:\/\/www.vieso.fr\/?wpcproduct=masque-nourrissant-au-miel\" class=\"wpc-product-link\"><img loading=\"lazy\" decoding=\"async\" src=\"http:\/\/www.vieso.fr\/wp-content\/uploads\/2015\/03\/Masque-Nourrissant-au-Miel.jpg\" alt=\"\" height=\"250\" \" width=\"250\"\" \/><\/a><\/div><p class=\"wpc-title\"><a href=\"http:\/\/www.vieso.fr\/?wpcproduct=masque-nourrissant-au-miel\">Masque Nourrissant au Miel<\/a><\/p><\/div><!--\/wpc-product--><!--wpc product--><div class=\"wpc-product\"><div class=\"wpc-img\" style=\"width:250px; height:250px; overflow:hidden\"><a href=\"http:\/\/www.vieso.fr\/?wpcproduct=shampooing-pour-cheveux-colores-a-lhuile-essentielle-dylang-ylang\" class=\"wpc-product-link\"><img loading=\"lazy\" decoding=\"async\" src=\"http:\/\/www.vieso.fr\/wp-content\/uploads\/2015\/03\/Shampooing-pour-Cheveux-Color\u00e9s-a-lHuile-Essentielle-dYlang-Ylang.jpg\" alt=\"\" height=\"250\" \" width=\"250\"\" \/><\/a><\/div><p class=\"wpc-title\"><a href=\"http:\/\/www.vieso.fr\/?wpcproduct=shampooing-pour-cheveux-colores-a-lhuile-essentielle-dylang-ylang\">Shampooing pour Cheveux Color\u00e9s a l&#8217;Huile Essentielle d&#8217;Ylang Ylang<\/a><\/p><\/div><!--\/wpc-product--><br clear=\"all\" \/><!--wpc product--><div class=\"wpc-product\"><div class=\"wpc-img\" style=\"width:250px; height:250px; overflow:hidden\"><a href=\"http:\/\/www.vieso.fr\/?wpcproduct=serum-a-lhuile-essentielle-de-rose-de-bulgarie\" class=\"wpc-product-link\"><img loading=\"lazy\" decoding=\"async\" src=\"http:\/\/www.vieso.fr\/wp-content\/uploads\/2015\/03\/S\u00e9rum-\u00e0-lHuile-Essentielle-de-Rose-de-Bulgarie.jpg\" alt=\"\" height=\"250\" \" width=\"250\"\" \/><\/a><\/div><p class=\"wpc-title\"><a href=\"http:\/\/www.vieso.fr\/?wpcproduct=serum-a-lhuile-essentielle-de-rose-de-bulgarie\">S\u00e9rum \u00e0 l&#8217;Huile Essentielle de Rose de Bulgarie<\/a><\/p><\/div><!--\/wpc-product--><!--wpc product--><div class=\"wpc-product\"><div class=\"wpc-img\" style=\"width:250px; height:250px; overflow:hidden\"><a href=\"http:\/\/www.vieso.fr\/?wpcproduct=masque-reparateur-a-lhuile-dargan\" class=\"wpc-product-link\"><img loading=\"lazy\" decoding=\"async\" src=\"http:\/\/www.vieso.fr\/wp-content\/uploads\/2015\/03\/Masque-R\u00e9parateur-\u00e0-lHuile-dArgan.jpg\" alt=\"\" height=\"250\" \" width=\"250\"\" \/><\/a><\/div><p class=\"wpc-title\"><a href=\"http:\/\/www.vieso.fr\/?wpcproduct=masque-reparateur-a-lhuile-dargan\">Masque R\u00e9parateur \u00e0 l&#8217;Huile d&#8217;Argan<\/a><\/p><\/div><!--\/wpc-product--><!--wpc product--><div class=\"wpc-product\"><div class=\"wpc-img\" style=\"width:250px; height:250px; overflow:hidden\"><a href=\"http:\/\/www.vieso.fr\/?wpcproduct=eau-de-brillance-a-lhuile-essentielle-dylang-ylang\" class=\"wpc-product-link\"><img loading=\"lazy\" decoding=\"async\" src=\"http:\/\/www.vieso.fr\/wp-content\/uploads\/2015\/03\/EAU-de-Brillance-\u00e0-lHuile.jpg\" alt=\"\" height=\"250\" \" width=\"250\"\" \/><\/a><\/div><p class=\"wpc-title\"><a href=\"http:\/\/www.vieso.fr\/?wpcproduct=eau-de-brillance-a-lhuile-essentielle-dylang-ylang\">EAU de Brillance \u00e0 l&#8217;Huile Essentielle d&#8217;Ylang-Ylang<\/a><\/p><\/div><!--\/wpc-product--><br clear=\"all\" \/><!--wpc product--><div class=\"wpc-product\"><div class=\"wpc-img\" style=\"width:250px; height:250px; overflow:hidden\"><a href=\"http:\/\/www.vieso.fr\/?wpcproduct=serum-nourrissant-au-miel\" class=\"wpc-product-link\"><img loading=\"lazy\" decoding=\"async\" src=\"http:\/\/www.vieso.fr\/wp-content\/uploads\/2015\/04\/Serum-miel.jpg\" alt=\"\" height=\"250\" \" width=\"250\"\" \/><\/a><\/div><p class=\"wpc-title\"><a href=\"http:\/\/www.vieso.fr\/?wpcproduct=serum-nourrissant-au-miel\">S\u00e9rum Nourrissant au Miel<\/a><\/p><\/div><!--\/wpc-product--><!--wpc product--><div class=\"wpc-product\"><div class=\"wpc-img\" style=\"width:250px; height:250px; overflow:hidden\"><a href=\"http:\/\/www.vieso.fr\/?wpcproduct=apres-shampooing-pour-cheveux-colores-a-lhuile-essentielle-dylang-ylang\" class=\"wpc-product-link\"><img loading=\"lazy\" decoding=\"async\" src=\"http:\/\/www.vieso.fr\/wp-content\/uploads\/2015\/04\/apres-shampoing-ylang-ylang.jpg\" alt=\"\" height=\"250\" \" width=\"250\"\" \/><\/a><\/div><p class=\"wpc-title\"><a href=\"http:\/\/www.vieso.fr\/?wpcproduct=apres-shampooing-pour-cheveux-colores-a-lhuile-essentielle-dylang-ylang\">Apr\u00e8s-Shampooing pour Cheveux Color\u00e9s a l&#8217;Huile Essentielle d&#8217;Ylang Ylang<\/a><\/p><\/div><!--\/wpc-product--><!--wpc product--><div class=\"wpc-product\"><div class=\"wpc-img\" style=\"width:250px; height:250px; overflow:hidden\"><a href=\"http:\/\/www.vieso.fr\/?wpcproduct=masque-pour-cheveux-colores-a-lhuile-essentielle-dylang-ylang\" class=\"wpc-product-link\"><img loading=\"lazy\" decoding=\"async\" src=\"http:\/\/www.vieso.fr\/wp-content\/uploads\/2015\/04\/Masque-cheveux-colores-ylang-ylang.jpg\" alt=\"\" height=\"250\" \" width=\"250\"\" \/><\/a><\/div><p class=\"wpc-title\"><a href=\"http:\/\/www.vieso.fr\/?wpcproduct=masque-pour-cheveux-colores-a-lhuile-essentielle-dylang-ylang\">Masque  pour Cheveux Color\u00e9s a l&#8217;Huile Essentielle d&#8217;Ylang Ylang<\/a><\/p><\/div><!--\/wpc-product--><br clear=\"all\" \/><!--wpc product--><div class=\"wpc-product\"><div class=\"wpc-img\" style=\"width:250px; height:250px; overflow:hidden\"><a href=\"http:\/\/www.vieso.fr\/?wpcproduct=serum-protecteur-au-ylang-ylang\" class=\"wpc-product-link\"><img loading=\"lazy\" decoding=\"async\" src=\"http:\/\/www.vieso.fr\/wp-content\/uploads\/2015\/04\/Serum-ylang-ylang.jpg\" alt=\"\" height=\"250\" \" width=\"250\"\" \/><\/a><\/div><p class=\"wpc-title\"><a href=\"http:\/\/www.vieso.fr\/?wpcproduct=serum-protecteur-au-ylang-ylang\">S\u00e9rum Protecteur au  Ylang Ylang<\/a><\/p><\/div><!--\/wpc-product--><!--wpc product--><div class=\"wpc-product\"><div class=\"wpc-img\" style=\"width:250px; height:250px; overflow:hidden\"><a href=\"http:\/\/www.vieso.fr\/?wpcproduct=shampooing-equilibrant-a-lhuile-essentielle-de-rose-de-bulgarie\" class=\"wpc-product-link\"><img loading=\"lazy\" decoding=\"async\" src=\"http:\/\/www.vieso.fr\/wp-content\/uploads\/2015\/04\/Shampooing-huile-rose-bulgarie.jpg\" alt=\"\" height=\"250\" \" width=\"250\"\" \/><\/a><\/div><p class=\"wpc-title\"><a href=\"http:\/\/www.vieso.fr\/?wpcproduct=shampooing-equilibrant-a-lhuile-essentielle-de-rose-de-bulgarie\">Shampooing Equilibrant \u00e0 l&#8217;Huile Essentielle de Rose de Bulgarie<\/a><\/p><\/div><!--\/wpc-product--><!--wpc product--><div class=\"wpc-product\"><div class=\"wpc-img\" style=\"width:250px; height:250px; overflow:hidden\"><a href=\"http:\/\/www.vieso.fr\/?wpcproduct=apres-shampooing-equilibrant-a-lhuile-essentielle-de-rose-de-bulgarie\" class=\"wpc-product-link\"><img loading=\"lazy\" decoding=\"async\" src=\"http:\/\/www.vieso.fr\/wp-content\/uploads\/2015\/04\/apres-shampoing-rose-bulgarie.jpg\" alt=\"\" height=\"250\" \" width=\"250\"\" \/><\/a><\/div><p class=\"wpc-title\"><a href=\"http:\/\/www.vieso.fr\/?wpcproduct=apres-shampooing-equilibrant-a-lhuile-essentielle-de-rose-de-bulgarie\">Apr\u00e8s-Shampooing Equilibrant \u00e0 l&#8217;Huile Essentielle de Rose de Bulgarie<\/a><\/p><\/div><!--\/wpc-product--><br clear=\"all\" \/><!--wpc product--><div class=\"wpc-product\"><div class=\"wpc-img\" style=\"width:250px; height:250px; overflow:hidden\"><a href=\"http:\/\/www.vieso.fr\/?wpcproduct=masque-equilibrant-a-lhuile-essentielle-de-rose-de-bulgarie\" class=\"wpc-product-link\"><img loading=\"lazy\" decoding=\"async\" src=\"http:\/\/www.vieso.fr\/wp-content\/uploads\/2015\/04\/Masque-rose-bulgarie.jpg\" alt=\"\" height=\"250\" \" width=\"250\"\" \/><\/a><\/div><p class=\"wpc-title\"><a href=\"http:\/\/www.vieso.fr\/?wpcproduct=masque-equilibrant-a-lhuile-essentielle-de-rose-de-bulgarie\">Masque Equilibrant \u00e0 l&#8217;Huile Essentielle de Rose de Bulgarie<\/a><\/p><\/div><!--\/wpc-product--><!--wpc product--><div class=\"wpc-product\"><div class=\"wpc-img\" style=\"width:250px; height:250px; overflow:hidden\"><a href=\"http:\/\/www.vieso.fr\/?wpcproduct=shampooing-seboregulateur-a-lhuile-essentielle-de-lavande\" class=\"wpc-product-link\"><img loading=\"lazy\" decoding=\"async\" src=\"http:\/\/www.vieso.fr\/wp-content\/uploads\/2015\/04\/Shampooing-seboregulateur-lavande.jpg\" alt=\"\" height=\"250\" \" width=\"250\"\" \/><\/a><\/div><p class=\"wpc-title\"><a href=\"http:\/\/www.vieso.fr\/?wpcproduct=shampooing-seboregulateur-a-lhuile-essentielle-de-lavande\">Shampooing S\u00e9bor\u00e9gulateur \u00e0 l&#8217;Huile Essentielle de Lavande<\/a><\/p><\/div><!--\/wpc-product--><!--wpc product--><div class=\"wpc-product\"><div class=\"wpc-img\" style=\"width:250px; height:250px; overflow:hidden\"><a href=\"http:\/\/www.vieso.fr\/?wpcproduct=apres-shampooing-seboregulateur-a-lhuile-essentielle-de-lavande\" class=\"wpc-product-link\"><img loading=\"lazy\" decoding=\"async\" src=\"http:\/\/www.vieso.fr\/wp-content\/uploads\/2015\/04\/apres-shampoing-lavande.jpg\" alt=\"\" height=\"250\" \" width=\"250\"\" \/><\/a><\/div><p class=\"wpc-title\"><a href=\"http:\/\/www.vieso.fr\/?wpcproduct=apres-shampooing-seboregulateur-a-lhuile-essentielle-de-lavande\">Apr\u00e8s-Shampooing S\u00e9bor\u00e9gulateur \u00e0 l&#8217;Huile Essentielle de Lavande<\/a><\/p><\/div><!--\/wpc-product--><br clear=\"all\" \/><!--wpc product--><div class=\"wpc-product\"><div class=\"wpc-img\" style=\"width:250px; height:250px; overflow:hidden\"><a href=\"http:\/\/www.vieso.fr\/?wpcproduct=shampooing-traitant-anti-chute-a-lhuile-essentielle-de-cypres\" class=\"wpc-product-link\"><img loading=\"lazy\" decoding=\"async\" src=\"http:\/\/www.vieso.fr\/wp-content\/uploads\/2015\/04\/Shampooing-anti-chute-cypres.jpg\" alt=\"\" height=\"250\" \" width=\"250\"\" \/><\/a><\/div><p class=\"wpc-title\"><a href=\"http:\/\/www.vieso.fr\/?wpcproduct=shampooing-traitant-anti-chute-a-lhuile-essentielle-de-cypres\">Shampooing Traitant Anti-Chute \u00e0 l&#8217;Huile Essentielle de Cypr\u00e8s<\/a><\/p><\/div><!--\/wpc-product--><!--wpc product--><div class=\"wpc-product\"><div class=\"wpc-img\" style=\"width:250px; height:250px; overflow:hidden\"><a href=\"http:\/\/www.vieso.fr\/?wpcproduct=apres-shampooing-traitant-anti-chute-a-lhuile-essentielle-de-cypres\" class=\"wpc-product-link\"><img loading=\"lazy\" decoding=\"async\" src=\"http:\/\/www.vieso.fr\/wp-content\/uploads\/2015\/04\/apres-shampoing-cypres.jpg\" alt=\"\" height=\"250\" \" width=\"250\"\" \/><\/a><\/div><p class=\"wpc-title\"><a href=\"http:\/\/www.vieso.fr\/?wpcproduct=apres-shampooing-traitant-anti-chute-a-lhuile-essentielle-de-cypres\">Apr\u00e8s-Shampooing Traitant Anti-Chute \u00e0 l&#8217;Huile Essentielle de Cypr\u00e8s<\/a><\/p><\/div><!--\/wpc-product--><!--wpc product--><div class=\"wpc-product\"><div class=\"wpc-img\" style=\"width:250px; height:250px; overflow:hidden\"><a href=\"http:\/\/www.vieso.fr\/?wpcproduct=shampooing-anti-pelliculaire-a-lhuile-essentielle-de-perilla\" class=\"wpc-product-link\"><img loading=\"lazy\" decoding=\"async\" src=\"http:\/\/www.vieso.fr\/wp-content\/uploads\/2015\/04\/Shampooing-anti-pelliculaire-perilla.jpg\" alt=\"\" height=\"250\" \" width=\"250\"\" \/><\/a><\/div><p class=\"wpc-title\"><a href=\"http:\/\/www.vieso.fr\/?wpcproduct=shampooing-anti-pelliculaire-a-lhuile-essentielle-de-perilla\">Shampooing Anti-Pelliculaire \u00e0 l&#8217;Huile Essentielle de P\u00e9rilla<\/a><\/p><\/div><!--\/wpc-product--><br clear=\"all\" \/><!--wpc product--><div class=\"wpc-product\"><div class=\"wpc-img\" style=\"width:250px; height:250px; overflow:hidden\"><a href=\"http:\/\/www.vieso.fr\/?wpcproduct=apres-shampooing-anti-pelliculaire-a-lhuile-essentielle-de-perilla\" class=\"wpc-product-link\"><img loading=\"lazy\" decoding=\"async\" src=\"http:\/\/www.vieso.fr\/wp-content\/uploads\/2015\/04\/apres-shampoing-antipelliculaire.jpg\" alt=\"\" height=\"250\" \" width=\"250\"\" \/><\/a><\/div><p class=\"wpc-title\"><a href=\"http:\/\/www.vieso.fr\/?wpcproduct=apres-shampooing-anti-pelliculaire-a-lhuile-essentielle-de-perilla\">Apr\u00e8s-Shampooing Anti-Pelliculaire \u00e0 l&#8217;Huile Essentielle de P\u00e9rilla<\/a><\/p><\/div><!--\/wpc-product--><!--wpc product--><div class=\"wpc-product\"><div class=\"wpc-img\" style=\"width:250px; height:250px; overflow:hidden\"><a href=\"http:\/\/www.vieso.fr\/?wpcproduct=shampooing-reparateur-a-lhuile-dargan\" class=\"wpc-product-link\"><img loading=\"lazy\" decoding=\"async\" src=\"http:\/\/www.vieso.fr\/wp-content\/uploads\/2015\/04\/Shampooing-huile-argan.jpg\" alt=\"\" height=\"250\" \" width=\"250\"\" \/><\/a><\/div><p class=\"wpc-title\"><a href=\"http:\/\/www.vieso.fr\/?wpcproduct=shampooing-reparateur-a-lhuile-dargan\">Shampooing R\u00e9parateur \u00e0 l&#8217;Huile d&#8217;Argan<\/a><\/p><\/div><!--\/wpc-product--><!--wpc product--><div class=\"wpc-product\"><div class=\"wpc-img\" style=\"width:250px; height:250px; overflow:hidden\"><a href=\"http:\/\/www.vieso.fr\/?wpcproduct=apres-shampooing-reparateur-a-lhuile-dargan\" class=\"wpc-product-link\"><img loading=\"lazy\" decoding=\"async\" src=\"http:\/\/www.vieso.fr\/wp-content\/uploads\/2015\/04\/apres-shampoing-argan.jpg\" alt=\"\" height=\"250\" \" width=\"250\"\" \/><\/a><\/div><p class=\"wpc-title\"><a href=\"http:\/\/www.vieso.fr\/?wpcproduct=apres-shampooing-reparateur-a-lhuile-dargan\">Apr\u00e8s-Shampooing R\u00e9parateur \u00e0 l&#8217;Huile d&#8217;Argan<\/a><\/p><\/div><!--\/wpc-product--><br clear=\"all\" \/><!--wpc product--><div class=\"wpc-product\"><div class=\"wpc-img\" style=\"width:250px; height:250px; overflow:hidden\"><a href=\"http:\/\/www.vieso.fr\/?wpcproduct=serum-reparateur-a-lhuile-dargan\" class=\"wpc-product-link\"><img loading=\"lazy\" decoding=\"async\" src=\"http:\/\/www.vieso.fr\/wp-content\/uploads\/2015\/04\/Serum-huile-argan.jpg\" alt=\"\" height=\"250\" \" width=\"250\"\" \/><\/a><\/div><p class=\"wpc-title\"><a href=\"http:\/\/www.vieso.fr\/?wpcproduct=serum-reparateur-a-lhuile-dargan\">S\u00e9rum R\u00e9parateur \u00e0 l&#8217;Huile d&#8217;Argan<\/a><\/p><\/div><!--\/wpc-product--><!--wpc product--><div class=\"wpc-product\"><div class=\"wpc-img\" style=\"width:250px; height:250px; overflow:hidden\"><a href=\"http:\/\/www.vieso.fr\/?wpcproduct=baume-nourrissant-au-miel\" class=\"wpc-product-link\"><img loading=\"lazy\" decoding=\"async\" src=\"http:\/\/www.vieso.fr\/wp-content\/uploads\/2015\/04\/Baume-nourrissant-miel.jpg\" alt=\"\" height=\"250\" \" width=\"250\"\" \/><\/a><\/div><p class=\"wpc-title\"><a href=\"http:\/\/www.vieso.fr\/?wpcproduct=baume-nourrissant-au-miel\">Baume Nourrissant au Miel<\/a><\/p><\/div><!--\/wpc-product--><!--wpc product--><div class=\"wpc-product\"><div class=\"wpc-img\" style=\"width:250px; height:250px; overflow:hidden\"><a href=\"http:\/\/www.vieso.fr\/?wpcproduct=huile-lissante-a-lhuile-dargan\" class=\"wpc-product-link\"><img loading=\"lazy\" decoding=\"async\" src=\"http:\/\/www.vieso.fr\/wp-content\/uploads\/2015\/04\/Huile-lissante-argan.jpg\" alt=\"\" height=\"250\" \" width=\"250\"\" \/><\/a><\/div><p class=\"wpc-title\"><a href=\"http:\/\/www.vieso.fr\/?wpcproduct=huile-lissante-a-lhuile-dargan\">Huile Lissante \u00e0 l&#8217;Huile d&#8217;Argan<\/a><\/p><\/div><!--\/wpc-product--><br clear=\"all\" \/><!--wpc product--><div class=\"wpc-product\"><div class=\"wpc-img\" style=\"width:250px; height:250px; overflow:hidden\"><a href=\"http:\/\/www.vieso.fr\/?wpcproduct=shampooing-eclaircissant-a-lhuile-essentielle-de-lavande\" class=\"wpc-product-link\"><img loading=\"lazy\" decoding=\"async\" src=\"http:\/\/www.vieso.fr\/wp-content\/uploads\/2015\/04\/Shampooing-eclaircissant-huile-lavande.jpg\" alt=\"\" height=\"250\" \" width=\"250\"\" \/><\/a><\/div><p class=\"wpc-title\"><a href=\"http:\/\/www.vieso.fr\/?wpcproduct=shampooing-eclaircissant-a-lhuile-essentielle-de-lavande\">Shampooing Eclaircissant \u00e0 l&#8217;Huile Essentielle de Lavande<\/a><\/p><\/div><!--\/wpc-product--><!--wpc product--><div class=\"wpc-product\"><div class=\"wpc-img\" style=\"width:250px; height:250px; overflow:hidden\"><a href=\"http:\/\/www.vieso.fr\/?wpcproduct=spray-protecteur-lissant\" class=\"wpc-product-link\"><img loading=\"lazy\" decoding=\"async\" src=\"http:\/\/www.vieso.fr\/wp-content\/uploads\/2015\/04\/Spray-protecteur-lissant.jpg\" alt=\"\" height=\"250\" \" width=\"250\"\" \/><\/a><\/div><p class=\"wpc-title\"><a href=\"http:\/\/www.vieso.fr\/?wpcproduct=spray-protecteur-lissant\">Spray Protecteur Lissant<\/a><\/p><\/div><!--\/wpc-product--><!--wpc product--><div class=\"wpc-product\"><div class=\"wpc-img\" style=\"width:250px; height:250px; overflow:hidden\"><a href=\"http:\/\/www.vieso.fr\/?wpcproduct=argile-modelante-maxi\" class=\"wpc-product-link\"><img loading=\"lazy\" decoding=\"async\" src=\"http:\/\/www.vieso.fr\/wp-content\/uploads\/2015\/04\/Argile-modelante-maxi.jpg\" alt=\"\" height=\"250\" \" width=\"250\"\" \/><\/a><\/div><p class=\"wpc-title\"><a href=\"http:\/\/www.vieso.fr\/?wpcproduct=argile-modelante-maxi\">Argile Modelante Maxi<\/a><\/p><\/div><!--\/wpc-product--><br clear=\"all\" \/><!--wpc product--><div class=\"wpc-product\"><div class=\"wpc-img\" style=\"width:250px; height:250px; overflow:hidden\"><a href=\"http:\/\/www.vieso.fr\/?wpcproduct=cire-ultra-sculptante\" class=\"wpc-product-link\"><img loading=\"lazy\" decoding=\"async\" src=\"http:\/\/www.vieso.fr\/wp-content\/uploads\/2015\/04\/Cire-ultra-sculptant.jpg\" alt=\"\" height=\"250\" \" width=\"250\"\" \/><\/a><\/div><p class=\"wpc-title\"><a href=\"http:\/\/www.vieso.fr\/?wpcproduct=cire-ultra-sculptante\">Cire Ultra-Sculptante<\/a><\/p><\/div><!--\/wpc-product--><!--wpc product--><div class=\"wpc-product\"><div class=\"wpc-img\" style=\"width:250px; height:250px; overflow:hidden\"><a href=\"http:\/\/www.vieso.fr\/?wpcproduct=pate-fixante-extra-forte\" class=\"wpc-product-link\"><img loading=\"lazy\" decoding=\"async\" src=\"http:\/\/www.vieso.fr\/wp-content\/uploads\/2015\/04\/Pate-fixante-extra-forte.jpg\" alt=\"\" height=\"250\" \" width=\"250\"\" \/><\/a><\/div><p class=\"wpc-title\"><a href=\"http:\/\/www.vieso.fr\/?wpcproduct=pate-fixante-extra-forte\">P\u00e2te Fixante Extra Forte<\/a><\/p><\/div><!--\/wpc-product--><!--wpc product--><div class=\"wpc-product\"><div class=\"wpc-img\" style=\"width:250px; height:250px; overflow:hidden\"><a href=\"http:\/\/www.vieso.fr\/?wpcproduct=creme-fixante-forte\" class=\"wpc-product-link\"><img loading=\"lazy\" decoding=\"async\" src=\"http:\/\/www.vieso.fr\/wp-content\/uploads\/2015\/04\/Creme-fixante-forte-rose.jpg\" alt=\"\" height=\"250\" \" width=\"250\"\" \/><\/a><\/div><p class=\"wpc-title\"><a href=\"http:\/\/www.vieso.fr\/?wpcproduct=creme-fixante-forte\">Cr\u00e8me Fixante Forte<\/a><\/p><\/div><!--\/wpc-product--><br clear=\"all\" \/><!--wpc product--><div class=\"wpc-product\"><div class=\"wpc-img\" style=\"width:250px; height:250px; overflow:hidden\"><a href=\"http:\/\/www.vieso.fr\/?wpcproduct=eau-de-brillance-volumisante\" class=\"wpc-product-link\"><img loading=\"lazy\" decoding=\"async\" src=\"http:\/\/www.vieso.fr\/wp-content\/uploads\/2015\/04\/Eau-volume-brillance-bleu.jpg\" alt=\"\" height=\"250\" \" width=\"250\"\" \/><\/a><\/div><p class=\"wpc-title\"><a href=\"http:\/\/www.vieso.fr\/?wpcproduct=eau-de-brillance-volumisante\">Eau de Brillance Volumisante<\/a><\/p><\/div><!--\/wpc-product--><!--wpc product--><div class=\"wpc-product\"><div class=\"wpc-img\" style=\"width:250px; height:250px; overflow:hidden\"><a href=\"http:\/\/www.vieso.fr\/?wpcproduct=gel-hydratant-modelant\" class=\"wpc-product-link\"><img loading=\"lazy\" decoding=\"async\" src=\"http:\/\/www.vieso.fr\/wp-content\/uploads\/2015\/04\/Gel-hydratant-modelant-rouge.jpg\" alt=\"\" height=\"250\" \" width=\"250\"\" \/><\/a><\/div><p class=\"wpc-title\"><a href=\"http:\/\/www.vieso.fr\/?wpcproduct=gel-hydratant-modelant\">Gel Hydratant Modelant<\/a><\/p><\/div><!--\/wpc-product--><!--wpc product--><div class=\"wpc-product\"><div class=\"wpc-img\" style=\"width:250px; height:250px; overflow:hidden\"><a href=\"http:\/\/www.vieso.fr\/?wpcproduct=soin-exfoliant-a-la-perilla\" class=\"wpc-product-link\"><img loading=\"lazy\" decoding=\"async\" src=\"http:\/\/www.vieso.fr\/wp-content\/uploads\/2015\/04\/Soin-exfoliant-perilla.jpg\" alt=\"\" height=\"250\" \" width=\"250\"\" \/><\/a><\/div><p class=\"wpc-title\"><a href=\"http:\/\/www.vieso.fr\/?wpcproduct=soin-exfoliant-a-la-perilla\">Soin Exfoliant \u00e0 la P\u00e9rilla<\/a><\/p><\/div><!--\/wpc-product--><br clear=\"all\" \/><!--wpc product--><div class=\"wpc-product\"><div class=\"wpc-img\" style=\"width:250px; height:250px; overflow:hidden\"><a href=\"http:\/\/www.vieso.fr\/?wpcproduct=lotion-stimulante-a-la-perilla\" class=\"wpc-product-link\"><img loading=\"lazy\" decoding=\"async\" src=\"http:\/\/www.vieso.fr\/wp-content\/uploads\/2015\/04\/Lotion-stimulante-perilla.jpg\" alt=\"\" height=\"250\" \" width=\"250\"\" \/><\/a><\/div><p class=\"wpc-title\"><a href=\"http:\/\/www.vieso.fr\/?wpcproduct=lotion-stimulante-a-la-perilla\">Lotion Stimulante \u00e0 la P\u00e9rilla<\/a><\/p><\/div><!--\/wpc-product--><!--wpc product--><div class=\"wpc-product\"><div class=\"wpc-img\" style=\"width:250px; height:250px; overflow:hidden\"><a href=\"http:\/\/www.vieso.fr\/?wpcproduct=masque-apaisant-a-lhuile-essentielle-de-perilla\" class=\"wpc-product-link\"><img loading=\"lazy\" decoding=\"async\" src=\"http:\/\/www.vieso.fr\/wp-content\/uploads\/2015\/04\/Masque-apaisant-perilla.jpg\" alt=\"\" height=\"250\" \" width=\"250\"\" \/><\/a><\/div><p class=\"wpc-title\"><a href=\"http:\/\/www.vieso.fr\/?wpcproduct=masque-apaisant-a-lhuile-essentielle-de-perilla\">Masque Apaisant \u00e0 l&#8217;Huile Essentielle de P\u00e9rilla<\/a><\/p><\/div><!--\/wpc-product--><!--wpc product--><div class=\"wpc-product\"><div class=\"wpc-img\" style=\"width:250px; height:250px; overflow:hidden\"><a href=\"http:\/\/www.vieso.fr\/?wpcproduct=spray-apaisant-a-lhuile-essentielle-de-perilla\" class=\"wpc-product-link\"><img loading=\"lazy\" decoding=\"async\" src=\"http:\/\/www.vieso.fr\/wp-content\/uploads\/2015\/04\/Spray-apaisant-huile-perilla.jpg\" alt=\"\" height=\"250\" \" width=\"250\"\" \/><\/a><\/div><p class=\"wpc-title\"><a href=\"http:\/\/www.vieso.fr\/?wpcproduct=spray-apaisant-a-lhuile-essentielle-de-perilla\">Spray Apaisant \u00e0 l&#8217;Huile Essentielle de P\u00e9rilla<\/a><\/p><\/div><!--\/wpc-product--><br clear=\"all\" \/><!--wpc product--><div class=\"wpc-product\"><div class=\"wpc-img\" style=\"width:250px; height:250px; overflow:hidden\"><a href=\"http:\/\/www.vieso.fr\/?wpcproduct=traitement-antichute-aux-huiles-essentielles\" class=\"wpc-product-link\"><img loading=\"lazy\" decoding=\"async\" src=\"http:\/\/www.vieso.fr\/wp-content\/uploads\/2015\/04\/Traitement-antichute1.jpg\" alt=\"\" height=\"250\" \" width=\"250\"\" \/><\/a><\/div><p class=\"wpc-title\"><a href=\"http:\/\/www.vieso.fr\/?wpcproduct=traitement-antichute-aux-huiles-essentielles\">Traitement Antichute  aux  Huiles Essentielles<\/a><\/p><\/div><!--\/wpc-product--><!--wpc product--><div class=\"wpc-product\"><div class=\"wpc-img\" style=\"width:250px; height:250px; overflow:hidden\"><a href=\"http:\/\/www.vieso.fr\/?wpcproduct=traitement-antipelliculaire-a-lhuile-essentielle-de-perilla\" class=\"wpc-product-link\"><img loading=\"lazy\" decoding=\"async\" src=\"http:\/\/www.vieso.fr\/wp-content\/uploads\/2015\/04\/Traitement-antipelliculaire-perilla1.jpg\" alt=\"\" height=\"250\" \" width=\"250\"\" \/><\/a><\/div><p class=\"wpc-title\"><a href=\"http:\/\/www.vieso.fr\/?wpcproduct=traitement-antipelliculaire-a-lhuile-essentielle-de-perilla\">Traitement  Antipelliculaire \u00e0 l&#8217;Huile Essentielle de P\u00e9rilla<\/a><\/p><\/div><!--\/wpc-product--><!--wpc product--><div class=\"wpc-product\"><div class=\"wpc-img\" style=\"width:250px; height:250px; overflow:hidden\"><a href=\"http:\/\/www.vieso.fr\/?wpcproduct=traitement-seboregulateur-a-lhuile-essentielle-de-lavande\" class=\"wpc-product-link\"><img loading=\"lazy\" decoding=\"async\" src=\"http:\/\/www.vieso.fr\/wp-content\/uploads\/2015\/04\/Traitement-seboregulateur-huile-lavande1.jpg\" alt=\"\" height=\"250\" \" width=\"250\"\" \/><\/a><\/div><p class=\"wpc-title\"><a href=\"http:\/\/www.vieso.fr\/?wpcproduct=traitement-seboregulateur-a-lhuile-essentielle-de-lavande\">Traitement S\u00e9bor\u00e9gulateur \u00e0 l&#8217;Huile Essentielle de Lavande<\/a><\/p><\/div><!--\/wpc-product--><br clear=\"all\" \/><!--wpc product--><div class=\"wpc-product\"><div class=\"wpc-img\" style=\"width:250px; height:250px; overflow:hidden\"><a href=\"http:\/\/www.vieso.fr\/?wpcproduct=concentre-nourrissant-au-miel\" class=\"wpc-product-link\"><img loading=\"lazy\" decoding=\"async\" src=\"http:\/\/www.vieso.fr\/wp-content\/uploads\/2015\/04\/Concentre-nourrissant-miel1.jpg\" alt=\"\" height=\"250\" \" width=\"250\"\" \/><\/a><\/div><p class=\"wpc-title\"><a href=\"http:\/\/www.vieso.fr\/?wpcproduct=concentre-nourrissant-au-miel\">Concentr\u00e9 Nourrissant au Miel<\/a><\/p><\/div><!--\/wpc-product--><!--wpc product--><div class=\"wpc-product\"><div class=\"wpc-img\" style=\"width:250px; height:250px; overflow:hidden\"><a href=\"http:\/\/www.vieso.fr\/?wpcproduct=creme-de-douche-nourrissante-au-miel\" class=\"wpc-product-link\"><img loading=\"lazy\" decoding=\"async\" src=\"http:\/\/www.vieso.fr\/wp-content\/uploads\/2015\/04\/Creme-douche-miel.jpg\" alt=\"\" height=\"250\" \" width=\"250\"\" \/><\/a><\/div><p class=\"wpc-title\"><a href=\"http:\/\/www.vieso.fr\/?wpcproduct=creme-de-douche-nourrissante-au-miel\">Cr\u00e8me de Douche Nourrissante au Miel<\/a><\/p><\/div><!--\/wpc-product--><!--wpc product--><div class=\"wpc-product\"><div class=\"wpc-img\" style=\"width:250px; height:250px; overflow:hidden\"><a href=\"http:\/\/www.vieso.fr\/?wpcproduct=creme-de-douche-nourrissante-a-lhuile-essentielle-dylang-ylang\" class=\"wpc-product-link\"><img loading=\"lazy\" decoding=\"async\" src=\"http:\/\/www.vieso.fr\/wp-content\/uploads\/2015\/04\/Creme-douche-huile-ylang-ylang.jpg\" alt=\"\" height=\"250\" \" width=\"250\"\" \/><\/a><\/div><p class=\"wpc-title\"><a href=\"http:\/\/www.vieso.fr\/?wpcproduct=creme-de-douche-nourrissante-a-lhuile-essentielle-dylang-ylang\">Cr\u00e8me de Douche Nourrissante \u00e0 l&#8217;Huile Essentielle d&#8217;Ylang-Ylang<\/a><\/p><\/div><!--\/wpc-product--><br clear=\"all\" \/><!--wpc product--><div class=\"wpc-product\"><div class=\"wpc-img\" style=\"width:250px; height:250px; overflow:hidden\"><a href=\"http:\/\/www.vieso.fr\/?wpcproduct=gel-douche-douceur-a-lhuile-essentielle-de-cypres\" class=\"wpc-product-link\"><img loading=\"lazy\" decoding=\"async\" src=\"http:\/\/www.vieso.fr\/wp-content\/uploads\/2015\/04\/Gel-douche-huile-de-cypres.jpg\" alt=\"\" height=\"250\" \" width=\"250\"\" \/><\/a><\/div><p class=\"wpc-title\"><a href=\"http:\/\/www.vieso.fr\/?wpcproduct=gel-douche-douceur-a-lhuile-essentielle-de-cypres\">Gel Douche Douceur \u00e0 l&#8217;Huile Essentielle de Cypr\u00e8s<\/a><\/p><\/div><!--\/wpc-product--><!--wpc product--><div class=\"wpc-product\"><div class=\"wpc-img\" style=\"width:250px; height:250px; overflow:hidden\"><a href=\"http:\/\/www.vieso.fr\/?wpcproduct=lait-nourrissant-pour-le-corps-au-miel\" class=\"wpc-product-link\"><img loading=\"lazy\" decoding=\"async\" src=\"http:\/\/www.vieso.fr\/wp-content\/uploads\/2015\/04\/Lait-corps-miel.jpg\" alt=\"\" height=\"250\" \" width=\"250\"\" \/><\/a><\/div><p class=\"wpc-title\"><a href=\"http:\/\/www.vieso.fr\/?wpcproduct=lait-nourrissant-pour-le-corps-au-miel\">Lait Nourrissant pour le Corps au Miel<\/a><\/p><\/div><!--\/wpc-product--><!--wpc product--><div class=\"wpc-product\"><div class=\"wpc-img\" style=\"width:250px; height:250px; overflow:hidden\"><a href=\"http:\/\/www.vieso.fr\/?wpcproduct=lait-nourrissant-pour-le-corps-a-lhuile-essentielle-dylang-ylang\" class=\"wpc-product-link\"><img loading=\"lazy\" decoding=\"async\" src=\"http:\/\/www.vieso.fr\/wp-content\/uploads\/2015\/04\/Lait-nourrissant-ylang-ylang.jpg\" alt=\"\" height=\"250\" \" width=\"250\"\" \/><\/a><\/div><p class=\"wpc-title\"><a href=\"http:\/\/www.vieso.fr\/?wpcproduct=lait-nourrissant-pour-le-corps-a-lhuile-essentielle-dylang-ylang\">Lait Nourrissant pour le Corps \u00e0 l&#8217;Huile Essentielle d&#8217;Ylang-Ylang<\/a><\/p><\/div><!--\/wpc-product--><br clear=\"all\" \/><!--wpc product--><div class=\"wpc-product\"><div class=\"wpc-img\" style=\"width:250px; height:250px; overflow:hidden\"><a href=\"http:\/\/www.vieso.fr\/?wpcproduct=lissage-sublime-en-2-phases\" class=\"wpc-product-link\"><img loading=\"lazy\" decoding=\"async\" src=\"http:\/\/www.vieso.fr\/wp-content\/uploads\/2015\/04\/Lissage-sublime.jpg\" alt=\"\" height=\"250\" \" width=\"250\"\" \/><\/a><\/div><p class=\"wpc-title\"><a href=\"http:\/\/www.vieso.fr\/?wpcproduct=lissage-sublime-en-2-phases\">Lissage Sublim\u00e9 en 2 phases<\/a><\/p><\/div><!--\/wpc-product--><!--wpc product--><div class=\"wpc-product\"><div class=\"wpc-img\" style=\"width:250px; height:250px; overflow:hidden\"><a href=\"http:\/\/www.vieso.fr\/?wpcproduct=frise-parfait-linstant\" class=\"wpc-product-link\"><img loading=\"lazy\" decoding=\"async\" src=\"http:\/\/www.vieso.fr\/wp-content\/uploads\/2015\/04\/Frise-boite1.jpg\" alt=\"\" height=\"250\" \" width=\"250\"\" \/><\/a><\/div><p class=\"wpc-title\"><a href=\"http:\/\/www.vieso.fr\/?wpcproduct=frise-parfait-linstant\">Fris\u00e9 parfait  l&#8217;instant<\/a><\/p><\/div><!--\/wpc-product--><!--wpc product--><div class=\"wpc-product\"><div class=\"wpc-img\" style=\"width:250px; height:250px; overflow:hidden\"><a href=\"http:\/\/www.vieso.fr\/?wpcproduct=pack-voyage-miel-nourricier\" class=\"wpc-product-link\"><img loading=\"lazy\" decoding=\"async\" src=\"http:\/\/www.vieso.fr\/wp-content\/uploads\/2015\/04\/Travel-suit-miel.jpg\" alt=\"\" height=\"250\" \" width=\"250\"\" \/><\/a><\/div><p class=\"wpc-title\"><a href=\"http:\/\/www.vieso.fr\/?wpcproduct=pack-voyage-miel-nourricier\">Pack Voyage Nourrissant au Miel<\/a><\/p><\/div><!--\/wpc-product--><br clear=\"all\" \/><!--wpc product--><div class=\"wpc-product\"><div class=\"wpc-img\" style=\"width:250px; height:250px; overflow:hidden\"><a href=\"http:\/\/www.vieso.fr\/?wpcproduct=pack-voyage-anti-pelliculaire-a-lhuile-essentielle-de-perilla\" class=\"wpc-product-link\"><img loading=\"lazy\" decoding=\"async\" src=\"http:\/\/www.vieso.fr\/wp-content\/uploads\/2015\/04\/Travel-suit-antipelliculaire.jpg\" alt=\"\" height=\"250\" \" width=\"250\"\" \/><\/a><\/div><p class=\"wpc-title\"><a href=\"http:\/\/www.vieso.fr\/?wpcproduct=pack-voyage-anti-pelliculaire-a-lhuile-essentielle-de-perilla\">Pack Voyage Anti-Pelliculaire \u00e0 l\u2019Huile Essentielle de P\u00e9rilla<\/a><\/p><\/div><!--\/wpc-product--><!--wpc product--><div class=\"wpc-product\"><div class=\"wpc-img\" style=\"width:250px; height:250px; overflow:hidden\"><a href=\"http:\/\/www.vieso.fr\/?wpcproduct=shampooing-nourrissant-au-miel\" class=\"wpc-product-link\"><img loading=\"lazy\" decoding=\"async\" src=\"http:\/\/www.vieso.fr\/wp-content\/uploads\/2015\/03\/Shampooing-Nourrissant-au-Miel.jpg\" alt=\"\" height=\"250\" \" width=\"250\"\" \/><\/a><\/div><p class=\"wpc-title\"><a href=\"http:\/\/www.vieso.fr\/?wpcproduct=shampooing-nourrissant-au-miel\">Shampooing Nourrissant au Miel<\/a><\/p><\/div><!--\/wpc-product--><\/div><\/div><div class=\"clear\"><\/div><\/div><\/b><\/p>\n","protected":false},"excerpt":{"rendered":"","protected":false},"author":1,"featured_media":0,"parent":0,"menu_order":0,"comment_status":"open","ping_status":"open","template":"","meta":{"footnotes":""},"class_list":["post-264","page","type-page","status-publish","hentry"],"aioseo_notices":[],"_links":{"self":[{"href":"http:\/\/www.vieso.fr\/index.php?rest_route=\/wp\/v2\/pages\/264","targetHints":{"allow":["GET"]}}],"collection":[{"href":"http:\/\/www.vieso.fr\/index.php?rest_route=\/wp\/v2\/pages"}],"about":[{"href":"http:\/\/www.vieso.fr\/index.php?rest_route=\/wp\/v2\/types\/page"}],"author":[{"embeddable":true,"href":"http:\/\/www.vieso.fr\/index.php?rest_route=\/wp\/v2\/users\/1"}],"replies":[{"embeddable":true,"href":"http:\/\/www.vieso.fr\/index.php?rest_route=%2Fwp%2Fv2%2Fcomments&post=264"}],"version-history":[{"count":1,"href":"http:\/\/www.vieso.fr\/index.php?rest_route=\/wp\/v2\/pages\/264\/revisions"}],"predecessor-version":[{"id":265,"href":"http:\/\/www.vieso.fr\/index.php?rest_route=\/wp\/v2\/pages\/264\/revisions\/265"}],"wp:attachment":[{"href":"http:\/\/www.vieso.fr\/index.php?rest_route=%2Fwp%2Fv2%2Fmedia&parent=264"}],"curies":[{"name":"wp","href":"https:\/\/api.w.org\/{rel}","templated":true}]}}