{"id":8,"date":"2015-02-03T09:03:46","date_gmt":"2015-02-03T09:03:46","guid":{"rendered":"http:\/\/vieso.fr\/notre-histoire\/"},"modified":"2016-07-14T14:37:39","modified_gmt":"2016-07-14T14:37:39","slug":"notre-histoire","status":"publish","type":"page","link":"http:\/\/www.vieso.fr\/?page_id=8","title":{"rendered":"Notre histoire"},"content":{"rendered":"<p><img loading=\"lazy\" decoding=\"async\" class=\"alignright size-full wp-image-285\" src=\"http:\/\/www.vieso.fr\/wp-content\/uploads\/2015\/02\/champ-lavande.jpg\" alt=\"Champ lavande\" width=\"439\" height=\"505\" srcset=\"http:\/\/www.vieso.fr\/wp-content\/uploads\/2015\/02\/champ-lavande.jpg 439w, http:\/\/www.vieso.fr\/wp-content\/uploads\/2015\/02\/champ-lavande-261x300.jpg 261w\" sizes=\"auto, (max-width: 439px) 100vw, 439px\" \/>VIESO, fond\u00e9e en 1974, est install\u00e9e \u00e0 Valensole dans le sud-est de la France. Fondateur : Guillaume Ducos (biologiste dont la connaissance des plantes est solide) croit que les miels sont de beaux cristaux que les abeilles m\u00e9langent \u00e0 plusieurs vari\u00e9t\u00e9s de fleurs. Face aux nombreuses menaces de produits chimiques dans le monde industriel, les abeilles sont en danger aujourd&#8217;hui. Si l\u2019on ne prot\u00e8ge pas les esp\u00e8ces vivantes, les hommes finiront par dispara\u00eetre aussi. Einstein a dit que \u00ab si les abeilles disparaissaient, les hommes n&#8217;auraient plus que quelques ann\u00e9es \u00e0 vivre ! \u00bb Ainsi, la Nature est au c\u0153ur de l&#8217;esprit d&#8217;initiative de VIESO pour le respect de la nature.<\/p>\n<p>Guillaume Ducos transmet son savoir-faire et ses connaissance du domaine de la nature sur les soins des cheveux. Dans le respect de l\u2019homme, il insiste sur l\u2019utilisation d\u2019ingr\u00e9dients v\u00e9g\u00e9taux et naturels afin de garantir la meilleure qualit\u00e9. Notre \u00e9quipe \u00e9labore des ingr\u00e9dients naturels et des huiles essentielles naturelles afin d\u2019apporter la meilleure efficacit\u00e9 au traitement de vos cheveux. VIESO \u00e9labore ses nouvelles formules avec le plus grand soin et s\u00e9lectionne ses ingr\u00e9dients avec la plus grande attention.<br \/>\nPour pr\u00e9server notre environnement, nous nous engageons \u00e0 produire moins de d\u00e9chets, \u00e0 les recycler, \u00e0 utiliser l&#8217;\u00e9nergie solaire, \u00e0 emballer les produits dans des cartons recycl\u00e9s et \u00e0 traiter les eaux us\u00e9es. Pour le respect de la vie, les produits VIESO ne sont pas test\u00e9s sur les animaux.<\/p>\n<p>&lt;Le plaisir d&#8217;utilisation &gt;,&lt;Efficacit\u00e9&gt;, &lt;Vitalit\u00e9&gt; et sont les objectifs que VIESO privil\u00e9gie pour nos consommateurs. On vous propose sept gammes diff\u00e9rentes selon vos besoins. Bienvenue dans le monde VIESO et nous vous invitons \u00e0 d\u00e9couvrir notre professionnalisme ainsi que nos produits.<\/p>\n","protected":false},"excerpt":{"rendered":"<p>VIESO, fond\u00e9e en 1974, est install\u00e9e \u00e0 Valensole dans le sud-est de la France. Fondateur : Guillaume Ducos (biologiste dont la connaissance des plantes est solide) croit que les miels sont de beaux cristaux que les abeilles m\u00e9langent \u00e0 plusieurs vari\u00e9t\u00e9s de fleurs. Face aux nombreuses menaces de produits chimiques dans le monde industriel, les [&hellip;]<\/p>\n","protected":false},"author":1,"featured_media":0,"parent":0,"menu_order":2,"comment_status":"closed","ping_status":"open","template":"","meta":{"footnotes":""},"class_list":["post-8","page","type-page","status-publish","hentry"],"aioseo_notices":[],"_links":{"self":[{"href":"http:\/\/www.vieso.fr\/index.php?rest_route=\/wp\/v2\/pages\/8","targetHints":{"allow":["GET"]}}],"collection":[{"href":"http:\/\/www.vieso.fr\/index.php?rest_route=\/wp\/v2\/pages"}],"about":[{"href":"http:\/\/www.vieso.fr\/index.php?rest_route=\/wp\/v2\/types\/page"}],"author":[{"embeddable":true,"href":"http:\/\/www.vieso.fr\/index.php?rest_route=\/wp\/v2\/users\/1"}],"replies":[{"embeddable":true,"href":"http:\/\/www.vieso.fr\/index.php?rest_route=%2Fwp%2Fv2%2Fcomments&post=8"}],"version-history":[{"count":6,"href":"http:\/\/www.vieso.fr\/index.php?rest_route=\/wp\/v2\/pages\/8\/revisions"}],"predecessor-version":[{"id":458,"href":"http:\/\/www.vieso.fr\/index.php?rest_route=\/wp\/v2\/pages\/8\/revisions\/458"}],"wp:attachment":[{"href":"http:\/\/www.vieso.fr\/index.php?rest_route=%2Fwp%2Fv2%2Fmedia&parent=8"}],"curies":[{"name":"wp","href":"https:\/\/api.w.org\/{rel}","templated":true}]}}